{"version":"1.0","provider_name":"Institut Fran\u00e7ais de J\u00e9rusalem - Ramallah","provider_url":"https:\/\/www.institutfrancais-jerusalem.org\/ramallah","author_name":"admin6590","author_url":"https:\/\/www.institutfrancais-jerusalem.org\/ramallah\/author\/admin6590\/","title":"Palestine terrains sonores - Institut Fran\u00e7ais de J\u00e9rusalem - Ramallah","type":"rich","width":600,"height":338,"html":"<blockquote class=\"wp-embedded-content\" data-secret=\"Og8I1pCQbC\"><a href=\"https:\/\/www.institutfrancais-jerusalem.org\/ramallah\/palestine-terrains-sonores\/\">Palestine terrains sonores<\/a><\/blockquote><iframe sandbox=\"allow-scripts\" security=\"restricted\" src=\"https:\/\/www.institutfrancais-jerusalem.org\/ramallah\/palestine-terrains-sonores\/embed\/#?secret=Og8I1pCQbC\" width=\"600\" height=\"338\" title=\"\u00ab\u00a0Palestine terrains sonores\u00a0\u00bb &#8212; Institut Fran\u00e7ais de J\u00e9rusalem - Ramallah\" data-secret=\"Og8I1pCQbC\" frameborder=\"0\" marginwidth=\"0\" marginheight=\"0\" scrolling=\"no\" class=\"wp-embedded-content\"><\/iframe><script type=\"text\/javascript\">\n\/* <![CDATA[ *\/\n\/*! This file is auto-generated *\/\n!function(d,l){\"use strict\";l.querySelector&&d.addEventListener&&\"undefined\"!=typeof URL&&(d.wp=d.wp||{},d.wp.receiveEmbedMessage||(d.wp.receiveEmbedMessage=function(e){var t=e.data;if((t||t.secret||t.message||t.value)&&!\/[^a-zA-Z0-9]\/.test(t.secret)){for(var s,r,n,a=l.querySelectorAll('iframe[data-secret=\"'+t.secret+'\"]'),o=l.querySelectorAll('blockquote[data-secret=\"'+t.secret+'\"]'),c=new RegExp(\"^https?:$\",\"i\"),i=0;i<o.length;i++)o[i].style.display=\"none\";for(i=0;i<a.length;i++)s=a[i],e.source===s.contentWindow&&(s.removeAttribute(\"style\"),\"height\"===t.message?(1e3<(r=parseInt(t.value,10))?r=1e3:~~r<200&&(r=200),s.height=r):\"link\"===t.message&&(r=new URL(s.getAttribute(\"src\")),n=new URL(t.value),c.test(n.protocol))&&n.host===r.host&&l.activeElement===s&&(d.top.location.href=t.value))}},d.addEventListener(\"message\",d.wp.receiveEmbedMessage,!1),l.addEventListener(\"DOMContentLoaded\",function(){for(var e,t,s=l.querySelectorAll(\"iframe.wp-embedded-content\"),r=0;r<s.length;r++)(t=(e=s[r]).getAttribute(\"data-secret\"))||(t=Math.random().toString(36).substring(2,12),e.src+=\"#?secret=\"+t,e.setAttribute(\"data-secret\",t)),e.contentWindow.postMessage({message:\"ready\",secret:t},\"*\")},!1)))}(window,document);\n\/\/# sourceURL=https:\/\/www.institutfrancais-jerusalem.org\/ramallah\/wp-includes\/js\/wp-embed.min.js\n\/* ]]> *\/\n<\/script>\n","thumbnail_url":"https:\/\/www.institutfrancais-jerusalem.org\/ramallah\/wp-content\/uploads\/sites\/11\/2020\/12\/Terrains-sonores-Web.jpg","thumbnail_width":1798,"thumbnail_height":879,"description":"L\u2019Institut Fran\u00e7ais du Proche-Orient dans les Territoires Palestiniens vous invite \u00e0 suivre son podcast \u00ab\u00a0Palestine terrains sonores\u00a0\u00bb. Les chercheur\u00b7e\u00b7s \u00e9prouv\u00e9\u00b7e\u00b7s ou en devenir ont la parole pour partager leur exp\u00e9rience de terrain, \u00e9changer sur leur relation avec la Palestine, transmettre leurs r\u00e9flexions m\u00e9thodologiques&#8230; Leur voix demeure comme archive de leur recherche en cours, du terrain &hellip;"}