{"version":"1.0","provider_name":"Institut Fran\u00e7ais de J\u00e9rusalem - Ramallah","provider_url":"https:\/\/www.institutfrancais-jerusalem.org\/ramallah","author_name":"admin6590","author_url":"https:\/\/www.institutfrancais-jerusalem.org\/ramallah\/author\/admin6590\/","title":"RESEAU ALUMNI - Institut Fran\u00e7ais de J\u00e9rusalem - Ramallah","type":"rich","width":600,"height":338,"html":"<blockquote class=\"wp-embedded-content\" data-secret=\"67T40PkXVf\"><a href=\"https:\/\/www.institutfrancais-jerusalem.org\/ramallah\/etudier-en-france\/reseau-alumni\/\">RESEAU ALUMNI<\/a><\/blockquote><iframe sandbox=\"allow-scripts\" security=\"restricted\" src=\"https:\/\/www.institutfrancais-jerusalem.org\/ramallah\/etudier-en-france\/reseau-alumni\/embed\/#?secret=67T40PkXVf\" width=\"600\" height=\"338\" title=\"\u00ab\u00a0RESEAU ALUMNI\u00a0\u00bb &#8212; Institut Fran\u00e7ais de J\u00e9rusalem - Ramallah\" data-secret=\"67T40PkXVf\" frameborder=\"0\" marginwidth=\"0\" marginheight=\"0\" scrolling=\"no\" class=\"wp-embedded-content\"><\/iframe><script type=\"text\/javascript\">\n\/* <![CDATA[ *\/\n\/*! This file is auto-generated *\/\n!function(d,l){\"use strict\";l.querySelector&&d.addEventListener&&\"undefined\"!=typeof URL&&(d.wp=d.wp||{},d.wp.receiveEmbedMessage||(d.wp.receiveEmbedMessage=function(e){var t=e.data;if((t||t.secret||t.message||t.value)&&!\/[^a-zA-Z0-9]\/.test(t.secret)){for(var s,r,n,a=l.querySelectorAll('iframe[data-secret=\"'+t.secret+'\"]'),o=l.querySelectorAll('blockquote[data-secret=\"'+t.secret+'\"]'),c=new RegExp(\"^https?:$\",\"i\"),i=0;i<o.length;i++)o[i].style.display=\"none\";for(i=0;i<a.length;i++)s=a[i],e.source===s.contentWindow&&(s.removeAttribute(\"style\"),\"height\"===t.message?(1e3<(r=parseInt(t.value,10))?r=1e3:~~r<200&&(r=200),s.height=r):\"link\"===t.message&&(r=new URL(s.getAttribute(\"src\")),n=new URL(t.value),c.test(n.protocol))&&n.host===r.host&&l.activeElement===s&&(d.top.location.href=t.value))}},d.addEventListener(\"message\",d.wp.receiveEmbedMessage,!1),l.addEventListener(\"DOMContentLoaded\",function(){for(var e,t,s=l.querySelectorAll(\"iframe.wp-embedded-content\"),r=0;r<s.length;r++)(t=(e=s[r]).getAttribute(\"data-secret\"))||(t=Math.random().toString(36).substring(2,12),e.src+=\"#?secret=\"+t,e.setAttribute(\"data-secret\",t)),e.contentWindow.postMessage({message:\"ready\",secret:t},\"*\")},!1)))}(window,document);\n\/\/# sourceURL=https:\/\/www.institutfrancais-jerusalem.org\/ramallah\/wp-includes\/js\/wp-embed.min.js\n\/* ]]> *\/\n<\/script>\n","description":"Al Rafic Lanc\u00e9e fin 2014, l\u2019association \u00ab\u00a0Al Rafic\u00a0\u00bb rassemble les Palestiniens dipl\u00f4m\u00e9s de France, mais aussi tous les anciens \u00e9tudiants ayant effectu\u00e9 un s\u00e9jour d\u2019\u00e9tudes en France. Elle permet \u00e0 chacun de rester en contact et de valoriser son exp\u00e9rience de la France dans un cadre professionnel. Des \u00e9v\u00e9nements \u00e0 vis\u00e9e culturelle, mais aussi \u00e9conomique &hellip;","thumbnail_url":"https:\/\/www.institutfrancais-jerusalem.org\/wp-content\/uploads\/2017\/08\/Al-Rafic.jpg"}