{"id":1533,"date":"2017-08-07T19:49:02","date_gmt":"2017-08-07T17:49:02","guid":{"rendered":"http:\/\/ifjerusalem-romaingary.org\/?page_id=1533"},"modified":"2018-02-01T22:51:35","modified_gmt":"2018-02-01T21:51:35","slug":"arts-visuels","status":"publish","type":"page","link":"https:\/\/www.institutfrancais-jerusalem.org\/naplouse\/agenda-culturel\/arts-visuels\/","title":{"rendered":"ARTS VISUELS"},"content":{"rendered":"<p>&nbsp;<\/p>\n<p><img loading=\"lazy\" decoding=\"async\" class=\"alignnone size-large wp-image-2386\" src=\"https:\/\/www.institutfrancais-jerusalem.org\/wp-content\/uploads\/sites\/10\/2017\/08\/180-130CM-1024x664.jpg\" alt=\"\" width=\"618\" height=\"401\" srcset=\"https:\/\/www.institutfrancais-jerusalem.org\/naplouse\/wp-content\/uploads\/sites\/10\/2017\/08\/180-130CM-1024x664.jpg 1024w, https:\/\/www.institutfrancais-jerusalem.org\/naplouse\/wp-content\/uploads\/sites\/10\/2017\/08\/180-130CM-300x194.jpg 300w, https:\/\/www.institutfrancais-jerusalem.org\/naplouse\/wp-content\/uploads\/sites\/10\/2017\/08\/180-130CM-768x498.jpg 768w\" sizes=\"auto, (max-width: 618px) 100vw, 618px\" \/><\/p>\n<p class=\"p1\"><span class=\"s1\">Peinture, photo, sculpture mais aussi art vid\u00e9o, graphisme, design, installations, performances: <b>l\u2019Institut fran\u00e7ais de J\u00e9rusalem a pour vocation d\u2019ouvrir les horizons des arts visuels \u00e0 J\u00e9rusalem et dans les Territoires palestiniens<\/b>, pour r\u00e9v\u00e9ler cette discipline dans toute sa diversit\u00e9, et offrir de nouvelles voies d\u2019expression originales et innovantes aux artistes.<\/span><\/p>\n<p class=\"p1\"><span class=\"s1\">Fid\u00e8le \u00e0 sa double vocation de diffusion des arts fran\u00e7ais et francophones d\u2019une part, et de soutien \u00e0 la cr\u00e9ation artistique locale d\u2019autre part, l\u2019Institut fran\u00e7ais de J\u00e9rusalem soutient chaque ann\u00e9e la diffusion d\u2019une dizaine d\u2019expositions \u00e0 travers son r\u00e9seau de centres et d\u2019organisations associ\u00e9es.<\/span><\/p>\n<p><img loading=\"lazy\" decoding=\"async\" class=\"alignnone size-large wp-image-2382\" src=\"https:\/\/www.institutfrancais-jerusalem.org\/wp-content\/uploads\/sites\/10\/2017\/08\/Visual-arts-1024x678.jpg\" alt=\"\" width=\"618\" height=\"409\" srcset=\"https:\/\/www.institutfrancais-jerusalem.org\/naplouse\/wp-content\/uploads\/sites\/10\/2017\/08\/Visual-arts-1024x678.jpg 1024w, https:\/\/www.institutfrancais-jerusalem.org\/naplouse\/wp-content\/uploads\/sites\/10\/2017\/08\/Visual-arts-300x199.jpg 300w, https:\/\/www.institutfrancais-jerusalem.org\/naplouse\/wp-content\/uploads\/sites\/10\/2017\/08\/Visual-arts-768x509.jpg 768w, https:\/\/www.institutfrancais-jerusalem.org\/naplouse\/wp-content\/uploads\/sites\/10\/2017\/08\/Visual-arts-310x205.jpg 310w, https:\/\/www.institutfrancais-jerusalem.org\/naplouse\/wp-content\/uploads\/sites\/10\/2017\/08\/Visual-arts.jpg 2048w\" sizes=\"auto, (max-width: 618px) 100vw, 618px\" \/><\/p>\n<p class=\"p1\"><span class=\"s1\">Des projets sont men\u00e9s conjointement avec le <b>minist\u00e8re palestinien de la Culture<\/b> et dans certains cas les expositions sont aussi pr\u00e9sent\u00e9es en partenariat avec les galeries locales : la <b>Ma\u2019mal <\/b>et la galerie <b>Al Hoash<\/b> \u00e0 J\u00e9rusalem-Est, le <b>centre culturel Khalil Sakakini<\/b> \u00e0 Ramallah, les collectifs <b>Shababik<\/b> et <b>Eltiqa<\/b> \u00e0 Gaza, ainsi que les universit\u00e9s disposant d\u2019un d\u00e9partement des Beaux-arts. <\/span><\/p>\n<p class=\"p1\"><span class=\"s1\">\u00c0 J\u00e9rusalem, un partenariat est nou\u00e9 avec la galerie <b>First Station<\/b>, par le biais<span class=\"Apple-converted-space\">\u00a0 <\/span>d\u2019un concours de photo.<\/span><\/p>\n<p><img loading=\"lazy\" decoding=\"async\" class=\"alignnone wp-image-2388\" src=\"https:\/\/www.institutfrancais-jerusalem.org\/wp-content\/uploads\/sites\/10\/2017\/08\/PHOTO-RGARY.jpg\" alt=\"\" width=\"650\" height=\"433\" srcset=\"https:\/\/www.institutfrancais-jerusalem.org\/naplouse\/wp-content\/uploads\/sites\/10\/2017\/08\/PHOTO-RGARY.jpg 827w, https:\/\/www.institutfrancais-jerusalem.org\/naplouse\/wp-content\/uploads\/sites\/10\/2017\/08\/PHOTO-RGARY-300x200.jpg 300w, https:\/\/www.institutfrancais-jerusalem.org\/naplouse\/wp-content\/uploads\/sites\/10\/2017\/08\/PHOTO-RGARY-768x512.jpg 768w\" sizes=\"auto, (max-width: 650px) 100vw, 650px\" \/><\/p>\n<p class=\"p1\"><span class=\"s1\">L\u2019Institut fran\u00e7ais contribue ainsi depuis plus de 20 ans \u00e0 faire conna\u00eetre des artistes talentueux, tout en permettant \u00e0 leurs \u0153uvres de franchir les obstacles qui segmentent le territoire entre la Cisjordanie, J\u00e9rusalem et Gaza, pour diffuser leurs travaux \u00e0 l\u2019international. <\/span><\/p>\n<p class=\"p1\"><span class=\"s1\">L\u2019accent est \u00e9galement port\u00e9 sur la formation et la professionnalisation des plasticiens : gr\u00e2ce \u00e0 un programme de <b>r\u00e9sidence \u00e0 la Cit\u00e9 internationale des Arts de Paris<\/b>, ce sont chaque ann\u00e9e 3 Palestiniens qui ont l\u2019occasion de passer quatre mois dans la capitale fran\u00e7aise pour y d\u00e9velopper leurs projets artistiques. <\/span><\/p>\n<p class=\"p2\"><span class=\"s1\">Si vous souhaitez plus d\u2019informations sur ce programme, contactez-nous \u00e0 cette adresse\u00a0:<b> <\/b><a href=\"mailto:scac.jerusalem-fslt@diplomatie.gouv.fr\"><span class=\"s2\"><b>scac.jerusalem-fslt@diplomatie.gouv.fr<\/b><\/span><\/a><\/span><b> <\/b><\/p>\n","protected":false},"excerpt":{"rendered":"<p>&nbsp; Peinture, photo, sculpture mais aussi art vid\u00e9o, graphisme, design, installations, performances: l\u2019Institut fran\u00e7ais de J\u00e9rusalem a pour vocation d\u2019ouvrir les horizons des arts visuels \u00e0 J\u00e9rusalem et dans les Territoires palestiniens, pour r\u00e9v\u00e9ler cette discipline dans toute sa diversit\u00e9, et offrir de nouvelles voies d\u2019expression originales et innovantes aux artistes. Fid\u00e8le \u00e0 sa double &hellip;<\/p>\n","protected":false},"author":1,"featured_media":0,"parent":1328,"menu_order":0,"comment_status":"closed","ping_status":"closed","template":"","meta":{"footnotes":""},"class_list":["post-1533","page","type-page","status-publish",""],"yoast_head":"<!-- This site is optimized with the Yoast SEO plugin v27.5 - https:\/\/yoast.com\/product\/yoast-seo-wordpress\/ -->\n<title>ARTS VISUELS - Institut Fran\u00e7ais de J\u00e9rusalem - Naplouse<\/title>\n<meta name=\"robots\" content=\"index, follow, max-snippet:-1, max-image-preview:large, max-video-preview:-1\" \/>\n<link rel=\"canonical\" href=\"https:\/\/www.institutfrancais-jerusalem.org\/naplouse\/agenda-culturel\/arts-visuels\/\" \/>\n<meta property=\"og:locale\" content=\"fr_FR\" \/>\n<meta property=\"og:type\" content=\"article\" \/>\n<meta property=\"og:title\" content=\"ARTS VISUELS - Institut Fran\u00e7ais de J\u00e9rusalem - Naplouse\" \/>\n<meta property=\"og:description\" content=\"&nbsp; Peinture, photo, sculpture mais aussi art vid\u00e9o, graphisme, design, installations, performances: l\u2019Institut fran\u00e7ais de J\u00e9rusalem a pour vocation d\u2019ouvrir les horizons des arts visuels \u00e0 J\u00e9rusalem et dans les Territoires palestiniens, pour r\u00e9v\u00e9ler cette discipline dans toute sa diversit\u00e9, et offrir de nouvelles voies d\u2019expression originales et innovantes aux artistes. Fid\u00e8le \u00e0 sa double &hellip;\" \/>\n<meta property=\"og:url\" content=\"https:\/\/www.institutfrancais-jerusalem.org\/naplouse\/agenda-culturel\/arts-visuels\/\" \/>\n<meta property=\"og:site_name\" content=\"Institut Fran\u00e7ais de J\u00e9rusalem - Naplouse\" \/>\n<meta property=\"article:modified_time\" content=\"2018-02-01T21:51:35+00:00\" \/>\n<meta property=\"og:image\" content=\"https:\/\/www.institutfrancais-jerusalem.org\/wp-content\/uploads\/sites\/10\/2017\/08\/180-130CM-1024x664.jpg\" \/>\n<meta name=\"twitter:card\" content=\"summary_large_image\" \/>\n<meta name=\"twitter:label1\" content=\"Dur\u00e9e de lecture estim\u00e9e\" \/>\n\t<meta name=\"twitter:data1\" content=\"2 minutes\" \/>\n<script type=\"application\/ld+json\" class=\"yoast-schema-graph\">{\"@context\":\"https:\\\/\\\/schema.org\",\"@graph\":[{\"@type\":\"WebPage\",\"@id\":\"https:\\\/\\\/www.institutfrancais-jerusalem.org\\\/naplouse\\\/agenda-culturel\\\/arts-visuels\\\/\",\"url\":\"https:\\\/\\\/www.institutfrancais-jerusalem.org\\\/naplouse\\\/agenda-culturel\\\/arts-visuels\\\/\",\"name\":\"ARTS VISUELS - Institut Fran\u00e7ais de J\u00e9rusalem - Naplouse\",\"isPartOf\":{\"@id\":\"https:\\\/\\\/www.institutfrancais-jerusalem.org\\\/naplouse\\\/#website\"},\"primaryImageOfPage\":{\"@id\":\"https:\\\/\\\/www.institutfrancais-jerusalem.org\\\/naplouse\\\/agenda-culturel\\\/arts-visuels\\\/#primaryimage\"},\"image\":{\"@id\":\"https:\\\/\\\/www.institutfrancais-jerusalem.org\\\/naplouse\\\/agenda-culturel\\\/arts-visuels\\\/#primaryimage\"},\"thumbnailUrl\":\"https:\\\/\\\/www.institutfrancais-jerusalem.org\\\/wp-content\\\/uploads\\\/sites\\\/10\\\/2017\\\/08\\\/180-130CM-1024x664.jpg\",\"datePublished\":\"2017-08-07T17:49:02+00:00\",\"dateModified\":\"2018-02-01T21:51:35+00:00\",\"breadcrumb\":{\"@id\":\"https:\\\/\\\/www.institutfrancais-jerusalem.org\\\/naplouse\\\/agenda-culturel\\\/arts-visuels\\\/#breadcrumb\"},\"inLanguage\":\"fr-FR\",\"potentialAction\":[{\"@type\":\"ReadAction\",\"target\":[\"https:\\\/\\\/www.institutfrancais-jerusalem.org\\\/naplouse\\\/agenda-culturel\\\/arts-visuels\\\/\"]}]},{\"@type\":\"ImageObject\",\"inLanguage\":\"fr-FR\",\"@id\":\"https:\\\/\\\/www.institutfrancais-jerusalem.org\\\/naplouse\\\/agenda-culturel\\\/arts-visuels\\\/#primaryimage\",\"url\":\"https:\\\/\\\/www.institutfrancais-jerusalem.org\\\/wp-content\\\/uploads\\\/sites\\\/10\\\/2017\\\/08\\\/180-130CM-1024x664.jpg\",\"contentUrl\":\"https:\\\/\\\/www.institutfrancais-jerusalem.org\\\/wp-content\\\/uploads\\\/sites\\\/10\\\/2017\\\/08\\\/180-130CM-1024x664.jpg\"},{\"@type\":\"BreadcrumbList\",\"@id\":\"https:\\\/\\\/www.institutfrancais-jerusalem.org\\\/naplouse\\\/agenda-culturel\\\/arts-visuels\\\/#breadcrumb\",\"itemListElement\":[{\"@type\":\"ListItem\",\"position\":1,\"name\":\"Accueil\",\"item\":\"https:\\\/\\\/www.institutfrancais-jerusalem.org\\\/naplouse\\\/\"},{\"@type\":\"ListItem\",\"position\":2,\"name\":\"AGENDA CULTUREL\",\"item\":\"https:\\\/\\\/www.institutfrancais-jerusalem.org\\\/naplouse\\\/agenda-culturel\\\/\"},{\"@type\":\"ListItem\",\"position\":3,\"name\":\"ARTS VISUELS\"}]},{\"@type\":\"WebSite\",\"@id\":\"https:\\\/\\\/www.institutfrancais-jerusalem.org\\\/naplouse\\\/#website\",\"url\":\"https:\\\/\\\/www.institutfrancais-jerusalem.org\\\/naplouse\\\/\",\"name\":\"Institut Fran\u00e7ais de J\u00e9rusalem - Naplouse\",\"description\":\"\",\"potentialAction\":[{\"@type\":\"SearchAction\",\"target\":{\"@type\":\"EntryPoint\",\"urlTemplate\":\"https:\\\/\\\/www.institutfrancais-jerusalem.org\\\/naplouse\\\/?s={search_term_string}\"},\"query-input\":{\"@type\":\"PropertyValueSpecification\",\"valueRequired\":true,\"valueName\":\"search_term_string\"}}],\"inLanguage\":\"fr-FR\"}]}<\/script>\n<!-- \/ Yoast SEO plugin. -->","yoast_head_json":{"title":"ARTS VISUELS - Institut Fran\u00e7ais de J\u00e9rusalem - Naplouse","robots":{"index":"index","follow":"follow","max-snippet":"max-snippet:-1","max-image-preview":"max-image-preview:large","max-video-preview":"max-video-preview:-1"},"canonical":"https:\/\/www.institutfrancais-jerusalem.org\/naplouse\/agenda-culturel\/arts-visuels\/","og_locale":"fr_FR","og_type":"article","og_title":"ARTS VISUELS - Institut Fran\u00e7ais de J\u00e9rusalem - Naplouse","og_description":"&nbsp; Peinture, photo, sculpture mais aussi art vid\u00e9o, graphisme, design, installations, performances: l\u2019Institut fran\u00e7ais de J\u00e9rusalem a pour vocation d\u2019ouvrir les horizons des arts visuels \u00e0 J\u00e9rusalem et dans les Territoires palestiniens, pour r\u00e9v\u00e9ler cette discipline dans toute sa diversit\u00e9, et offrir de nouvelles voies d\u2019expression originales et innovantes aux artistes. Fid\u00e8le \u00e0 sa double &hellip;","og_url":"https:\/\/www.institutfrancais-jerusalem.org\/naplouse\/agenda-culturel\/arts-visuels\/","og_site_name":"Institut Fran\u00e7ais de J\u00e9rusalem - Naplouse","article_modified_time":"2018-02-01T21:51:35+00:00","og_image":[{"url":"https:\/\/www.institutfrancais-jerusalem.org\/wp-content\/uploads\/sites\/10\/2017\/08\/180-130CM-1024x664.jpg","type":"","width":"","height":""}],"twitter_card":"summary_large_image","twitter_misc":{"Dur\u00e9e de lecture estim\u00e9e":"2 minutes"},"schema":{"@context":"https:\/\/schema.org","@graph":[{"@type":"WebPage","@id":"https:\/\/www.institutfrancais-jerusalem.org\/naplouse\/agenda-culturel\/arts-visuels\/","url":"https:\/\/www.institutfrancais-jerusalem.org\/naplouse\/agenda-culturel\/arts-visuels\/","name":"ARTS VISUELS - Institut Fran\u00e7ais de J\u00e9rusalem - Naplouse","isPartOf":{"@id":"https:\/\/www.institutfrancais-jerusalem.org\/naplouse\/#website"},"primaryImageOfPage":{"@id":"https:\/\/www.institutfrancais-jerusalem.org\/naplouse\/agenda-culturel\/arts-visuels\/#primaryimage"},"image":{"@id":"https:\/\/www.institutfrancais-jerusalem.org\/naplouse\/agenda-culturel\/arts-visuels\/#primaryimage"},"thumbnailUrl":"https:\/\/www.institutfrancais-jerusalem.org\/wp-content\/uploads\/sites\/10\/2017\/08\/180-130CM-1024x664.jpg","datePublished":"2017-08-07T17:49:02+00:00","dateModified":"2018-02-01T21:51:35+00:00","breadcrumb":{"@id":"https:\/\/www.institutfrancais-jerusalem.org\/naplouse\/agenda-culturel\/arts-visuels\/#breadcrumb"},"inLanguage":"fr-FR","potentialAction":[{"@type":"ReadAction","target":["https:\/\/www.institutfrancais-jerusalem.org\/naplouse\/agenda-culturel\/arts-visuels\/"]}]},{"@type":"ImageObject","inLanguage":"fr-FR","@id":"https:\/\/www.institutfrancais-jerusalem.org\/naplouse\/agenda-culturel\/arts-visuels\/#primaryimage","url":"https:\/\/www.institutfrancais-jerusalem.org\/wp-content\/uploads\/sites\/10\/2017\/08\/180-130CM-1024x664.jpg","contentUrl":"https:\/\/www.institutfrancais-jerusalem.org\/wp-content\/uploads\/sites\/10\/2017\/08\/180-130CM-1024x664.jpg"},{"@type":"BreadcrumbList","@id":"https:\/\/www.institutfrancais-jerusalem.org\/naplouse\/agenda-culturel\/arts-visuels\/#breadcrumb","itemListElement":[{"@type":"ListItem","position":1,"name":"Accueil","item":"https:\/\/www.institutfrancais-jerusalem.org\/naplouse\/"},{"@type":"ListItem","position":2,"name":"AGENDA CULTUREL","item":"https:\/\/www.institutfrancais-jerusalem.org\/naplouse\/agenda-culturel\/"},{"@type":"ListItem","position":3,"name":"ARTS VISUELS"}]},{"@type":"WebSite","@id":"https:\/\/www.institutfrancais-jerusalem.org\/naplouse\/#website","url":"https:\/\/www.institutfrancais-jerusalem.org\/naplouse\/","name":"Institut Fran\u00e7ais de J\u00e9rusalem - Naplouse","description":"","potentialAction":[{"@type":"SearchAction","target":{"@type":"EntryPoint","urlTemplate":"https:\/\/www.institutfrancais-jerusalem.org\/naplouse\/?s={search_term_string}"},"query-input":{"@type":"PropertyValueSpecification","valueRequired":true,"valueName":"search_term_string"}}],"inLanguage":"fr-FR"}]}},"_links":{"self":[{"href":"https:\/\/www.institutfrancais-jerusalem.org\/naplouse\/wp-json\/wp\/v2\/pages\/1533","targetHints":{"allow":["GET"]}}],"collection":[{"href":"https:\/\/www.institutfrancais-jerusalem.org\/naplouse\/wp-json\/wp\/v2\/pages"}],"about":[{"href":"https:\/\/www.institutfrancais-jerusalem.org\/naplouse\/wp-json\/wp\/v2\/types\/page"}],"author":[{"embeddable":true,"href":"https:\/\/www.institutfrancais-jerusalem.org\/naplouse\/wp-json\/wp\/v2\/users\/1"}],"replies":[{"embeddable":true,"href":"https:\/\/www.institutfrancais-jerusalem.org\/naplouse\/wp-json\/wp\/v2\/comments?post=1533"}],"version-history":[{"count":6,"href":"https:\/\/www.institutfrancais-jerusalem.org\/naplouse\/wp-json\/wp\/v2\/pages\/1533\/revisions"}],"predecessor-version":[{"id":2391,"href":"https:\/\/www.institutfrancais-jerusalem.org\/naplouse\/wp-json\/wp\/v2\/pages\/1533\/revisions\/2391"}],"up":[{"embeddable":true,"href":"https:\/\/www.institutfrancais-jerusalem.org\/naplouse\/wp-json\/wp\/v2\/pages\/1328"}],"wp:attachment":[{"href":"https:\/\/www.institutfrancais-jerusalem.org\/naplouse\/wp-json\/wp\/v2\/media?parent=1533"}],"curies":[{"name":"wp","href":"https:\/\/api.w.org\/{rel}","templated":true}]}}