{"id":1331,"date":"2017-08-07T21:27:00","date_gmt":"2017-08-07T19:27:00","guid":{"rendered":"http:\/\/ifjerusalem-romaingary.org\/?page_id=1331"},"modified":"2018-02-15T09:18:33","modified_gmt":"2018-02-15T08:18:33","slug":"nos-mediatheques","status":"publish","type":"page","link":"https:\/\/www.institutfrancais-jerusalem.org\/gaza\/nos-mediatheques\/","title":{"rendered":"NOTRE M\u00c9DIATH\u00c8QUE"},"content":{"rendered":"<p><img loading=\"lazy\" decoding=\"async\" class=\"aligncenter wp-image-2523 size-large\" src=\"https:\/\/www.institutfrancais-jerusalem.org\/gaza\/wp-content\/uploads\/sites\/9\/2018\/02\/m\u00e9diatheque-1-1024x576.jpg\" alt=\"\" width=\"618\" height=\"348\" srcset=\"https:\/\/www.institutfrancais-jerusalem.org\/gaza\/wp-content\/uploads\/sites\/9\/2018\/02\/m\u00e9diatheque-1-1024x576.jpg 1024w, https:\/\/www.institutfrancais-jerusalem.org\/gaza\/wp-content\/uploads\/sites\/9\/2018\/02\/m\u00e9diatheque-1-300x169.jpg 300w, https:\/\/www.institutfrancais-jerusalem.org\/gaza\/wp-content\/uploads\/sites\/9\/2018\/02\/m\u00e9diatheque-1-768x432.jpg 768w\" sizes=\"auto, (max-width: 618px) 100vw, 618px\" \/><\/p>\n<p class=\"p1\"><span class=\"s1\">La m\u00e9diath\u00e8que de l\u2019Institut fran\u00e7ais<\/span><span class=\"s2\">\u00a0<\/span><span class=\"s1\">de Gaza est\u00a0un lieu convivial et attractif qui suscite l\u2019int\u00e9r\u00eat de tous les visiteurs de l\u2019\u00e9tablissement.<\/span><\/p>\n<p class=\"p3\"><span class=\"s1\"><b>L\u2019architecture<\/b>\u00a0du lieu a parfaitement r\u00e9pondu \u00e0 la volont\u00e9 initiale de cr\u00e9er plusieurs espaces visant chacun un public sp\u00e9cifique\u00a0:<\/span><\/p>\n<p class=\"p3\"><span class=\"s1\">&#8211; Salle de silence et d\u2019informatique\u00a0: une salle vitr\u00e9e dot\u00e9e de 11 ordinateurs avec des tables assez larges pour permettre soit un travail sur ordinateur (connect\u00e9 sur Internet), soit une lecture dans une atmosph\u00e8re silencieuse.<\/span><\/p>\n<p><img loading=\"lazy\" decoding=\"async\" class=\"aligncenter wp-image-2525 size-large\" src=\"https:\/\/www.institutfrancais-jerusalem.org\/gaza\/wp-content\/uploads\/sites\/9\/2018\/02\/mediatheque-2-1024x576.jpg\" alt=\"\" width=\"618\" height=\"348\" srcset=\"https:\/\/www.institutfrancais-jerusalem.org\/gaza\/wp-content\/uploads\/sites\/9\/2018\/02\/mediatheque-2-1024x576.jpg 1024w, https:\/\/www.institutfrancais-jerusalem.org\/gaza\/wp-content\/uploads\/sites\/9\/2018\/02\/mediatheque-2-300x169.jpg 300w, https:\/\/www.institutfrancais-jerusalem.org\/gaza\/wp-content\/uploads\/sites\/9\/2018\/02\/mediatheque-2-768x432.jpg 768w\" sizes=\"auto, (max-width: 618px) 100vw, 618px\" \/><\/p>\n<p class=\"p3\"><span class=\"s1\">&#8211; Salle de FLE et de travail\u00a0: une salle d\u00e9di\u00e9e \u00e0 tous les documents en relation avec l\u2019apprentissage du fran\u00e7ais langue \u00e9trang\u00e8re \u2013 une m\u00e9diath\u00e8que dans la m\u00e9diath\u00e8que.\u00a0Avec sa grande table, elle permet l\u2019organisation de sessions de travail en groupe.<\/span><\/p>\n<p class=\"p3\"><span class=\"s1\">&#8211; Coin d\u2019accueil et de d\u00e9bats avec des fauteuils confortables.<\/span><\/p>\n<p class=\"p3\"><span class=\"s1\">&#8211; Coin enfants avec \u00e9tag\u00e8res adapt\u00e9es.<\/span><\/p>\n<p class=\"p3\"><span class=\"s1\">&#8211; Coin DVD \u00e9quip\u00e9 d\u2019une t\u00e9l\u00e9vision et d\u2019un lecteur de DVD 3D.<\/span><\/p>\n<p><img loading=\"lazy\" decoding=\"async\" class=\"aligncenter wp-image-2527 size-large\" src=\"https:\/\/www.institutfrancais-jerusalem.org\/gaza\/wp-content\/uploads\/sites\/9\/2018\/02\/2-1024x683.jpg\" alt=\"\" width=\"618\" height=\"412\" srcset=\"https:\/\/www.institutfrancais-jerusalem.org\/gaza\/wp-content\/uploads\/sites\/9\/2018\/02\/2-1024x683.jpg 1024w, https:\/\/www.institutfrancais-jerusalem.org\/gaza\/wp-content\/uploads\/sites\/9\/2018\/02\/2-300x200.jpg 300w, https:\/\/www.institutfrancais-jerusalem.org\/gaza\/wp-content\/uploads\/sites\/9\/2018\/02\/2-768x512.jpg 768w, https:\/\/www.institutfrancais-jerusalem.org\/gaza\/wp-content\/uploads\/sites\/9\/2018\/02\/2.jpg 1280w\" sizes=\"auto, (max-width: 618px) 100vw, 618px\" \/><\/p>\n<p class=\"p3\"><span class=\"s1\"><b>Le fonds<\/b>\u00a0est constitu\u00e9 de documents sur tous supports, et appartient aux dix divisions du savoir, class\u00e9 principalement en deux grandes cat\u00e9gories\u00a0: adultes et jeunes.<\/span><\/p>\n<p class=\"p3\"><span class=\"s1\">Il s\u2019agit de plus de 1200 DVD, 500 CD, 5000 livres comprenant des livres lus,\u00a0des albums, des BD,\u2026 avec en nouveaut\u00e9 un petit fonds arabe pour attirer le public arabophone.<\/span><\/p>\n<p><img loading=\"lazy\" decoding=\"async\" class=\"aligncenter wp-image-2529 size-large\" src=\"https:\/\/www.institutfrancais-jerusalem.org\/gaza\/wp-content\/uploads\/sites\/9\/2018\/02\/culturetheque-1024x736.png\" alt=\"\" width=\"618\" height=\"444\" srcset=\"https:\/\/www.institutfrancais-jerusalem.org\/gaza\/wp-content\/uploads\/sites\/9\/2018\/02\/culturetheque-1024x736.png 1024w, https:\/\/www.institutfrancais-jerusalem.org\/gaza\/wp-content\/uploads\/sites\/9\/2018\/02\/culturetheque-300x216.png 300w, https:\/\/www.institutfrancais-jerusalem.org\/gaza\/wp-content\/uploads\/sites\/9\/2018\/02\/culturetheque-768x552.png 768w, https:\/\/www.institutfrancais-jerusalem.org\/gaza\/wp-content\/uploads\/sites\/9\/2018\/02\/culturetheque.png 1225w\" sizes=\"auto, (max-width: 618px) 100vw, 618px\" \/><\/p>\n<p class=\"p4\"><span class=\"s1\">Le fonds n\u2019est pas seulement physique, il est aussi \u00e9lectronique gr\u00e2ce \u00e0 la biblioth\u00e8que num\u00e9rique\u00a0<a href=\"http:\/\/www.culturetheque.com\/\"><span class=\"s4\"><b>Cultureth\u00e8que<\/b>\u00a0<\/span><\/a>cr\u00e9\u00e9e par l\u2019Institut fran\u00e7ais et qui est\u00a0mise \u00e0 disposition des adh\u00e9rents d\u00e8s leur inscription .<\/span><\/p>\n<p><img loading=\"lazy\" decoding=\"async\" class=\"aligncenter wp-image-2531 size-large\" src=\"https:\/\/www.institutfrancais-jerusalem.org\/gaza\/wp-content\/uploads\/sites\/9\/2018\/02\/M\u00e9diath\u00e8que-Gaza-1024x683.jpg\" alt=\"\" width=\"618\" height=\"412\" srcset=\"https:\/\/www.institutfrancais-jerusalem.org\/gaza\/wp-content\/uploads\/sites\/9\/2018\/02\/M\u00e9diath\u00e8que-Gaza-1024x683.jpg 1024w, https:\/\/www.institutfrancais-jerusalem.org\/gaza\/wp-content\/uploads\/sites\/9\/2018\/02\/M\u00e9diath\u00e8que-Gaza-300x200.jpg 300w, https:\/\/www.institutfrancais-jerusalem.org\/gaza\/wp-content\/uploads\/sites\/9\/2018\/02\/M\u00e9diath\u00e8que-Gaza-768x512.jpg 768w\" sizes=\"auto, (max-width: 618px) 100vw, 618px\" \/><\/p>\n<p class=\"p4\"><span class=\"s1\">La m\u00e9diath\u00e8que organise diverses\u00a0activit\u00e9s\u00a0: lecture de conte avec les enfants des jardins d\u2019enfants, visites des \u00e9l\u00e8ves des \u00e9coles, rencontres de deux clubs de lecture, soutien pour les d\u00e9butants et les avanc\u00e9s, \u2026<\/span><\/p>\n<h4 class=\"p3\"><span class=\"s1\"><b>Horaires :<\/b><\/span><\/h4>\n<p class=\"p3\"><span class=\"s1\">du dimanche au jeudi de 9h00 \u00e0 16h\u00a0<\/span><\/p>\n<h4 class=\"p3\"><span class=\"s1\"><b>Inscription :<\/b><\/span><\/h4>\n<p class=\"p6\"><span class=\"s5\">&#8211; remplir le\u00a0<a href=\"https:\/\/www.institutfrancais-jerusalem.org\/wp-content\/uploads\/2014\/03\/inscription.pdf\"><span class=\"s6\">formulaire d\u2019inscription<\/span><\/a>\u00a0\u00a0<\/span><\/p>\n<p class=\"p7\"><span class=\"s1\">&#8211; joindre 2 photos d\u2019identit\u00e9 \u2013 fond blanc<\/span><\/p>\n<p class=\"p7\"><span class=\"s1\">&#8211; joindre le re\u00e7u du r\u00e8glement des frais<\/span><\/p>\n<h4 class=\"p3\"><span class=\"s1\"><b>Tarifs :<\/b><\/span><\/h4>\n<p class=\"p7\"><span class=\"s1\">&#8211; 50 NIS par an pour le public<\/span><\/p>\n<p class=\"p8\"><span class=\"s1\">&#8211; 30 NIS par an pour les \u00e9tudiants de fran\u00e7ais des universit\u00e9s partenaires et les enfants<\/span><\/p>\n","protected":false},"excerpt":{"rendered":"<p>La m\u00e9diath\u00e8que de l\u2019Institut fran\u00e7ais\u00a0de Gaza est\u00a0un lieu convivial et attractif qui suscite l\u2019int\u00e9r\u00eat de tous les visiteurs de l\u2019\u00e9tablissement. L\u2019architecture\u00a0du lieu a parfaitement r\u00e9pondu \u00e0 la volont\u00e9 initiale de cr\u00e9er plusieurs espaces visant chacun un public sp\u00e9cifique\u00a0: &#8211; Salle de silence et d\u2019informatique\u00a0: une salle vitr\u00e9e dot\u00e9e de 11 ordinateurs avec des tables assez &hellip;<\/p>\n","protected":false},"author":1,"featured_media":0,"parent":0,"menu_order":0,"comment_status":"closed","ping_status":"closed","template":"","meta":{"footnotes":""},"class_list":["post-1331","page","type-page","status-publish",""],"yoast_head":"<!-- This site is optimized with the Yoast SEO plugin v27.5 - https:\/\/yoast.com\/product\/yoast-seo-wordpress\/ -->\n<title>NOTRE M\u00c9DIATH\u00c8QUE - Institut Fran\u00e7ais de J\u00e9rusalem - Gaza<\/title>\n<meta name=\"robots\" content=\"index, follow, max-snippet:-1, max-image-preview:large, max-video-preview:-1\" \/>\n<link rel=\"canonical\" href=\"https:\/\/www.institutfrancais-jerusalem.org\/gaza\/nos-mediatheques\/\" \/>\n<meta property=\"og:locale\" content=\"fr_FR\" \/>\n<meta property=\"og:type\" content=\"article\" \/>\n<meta property=\"og:title\" content=\"NOTRE M\u00c9DIATH\u00c8QUE - Institut Fran\u00e7ais de J\u00e9rusalem - Gaza\" \/>\n<meta property=\"og:description\" content=\"La m\u00e9diath\u00e8que de l\u2019Institut fran\u00e7ais\u00a0de Gaza est\u00a0un lieu convivial et attractif qui suscite l\u2019int\u00e9r\u00eat de tous les visiteurs de l\u2019\u00e9tablissement. L\u2019architecture\u00a0du lieu a parfaitement r\u00e9pondu \u00e0 la volont\u00e9 initiale de cr\u00e9er plusieurs espaces visant chacun un public sp\u00e9cifique\u00a0: &#8211; Salle de silence et d\u2019informatique\u00a0: une salle vitr\u00e9e dot\u00e9e de 11 ordinateurs avec des tables assez &hellip;\" \/>\n<meta property=\"og:url\" content=\"https:\/\/www.institutfrancais-jerusalem.org\/gaza\/nos-mediatheques\/\" \/>\n<meta property=\"og:site_name\" content=\"Institut Fran\u00e7ais de J\u00e9rusalem - Gaza\" \/>\n<meta property=\"article:modified_time\" content=\"2018-02-15T08:18:33+00:00\" \/>\n<meta property=\"og:image\" content=\"https:\/\/www.institutfrancais-jerusalem.org\/gaza\/wp-content\/uploads\/sites\/9\/2018\/02\/mediatheque-2-1024x576.jpg\" \/>\n<meta name=\"twitter:card\" content=\"summary_large_image\" \/>\n<meta name=\"twitter:label1\" content=\"Dur\u00e9e de lecture estim\u00e9e\" \/>\n\t<meta name=\"twitter:data1\" content=\"2 minutes\" \/>\n<script type=\"application\/ld+json\" class=\"yoast-schema-graph\">{\"@context\":\"https:\\\/\\\/schema.org\",\"@graph\":[{\"@type\":\"WebPage\",\"@id\":\"https:\\\/\\\/www.institutfrancais-jerusalem.org\\\/gaza\\\/nos-mediatheques\\\/\",\"url\":\"https:\\\/\\\/www.institutfrancais-jerusalem.org\\\/gaza\\\/nos-mediatheques\\\/\",\"name\":\"NOTRE M\u00c9DIATH\u00c8QUE - Institut Fran\u00e7ais de J\u00e9rusalem - Gaza\",\"isPartOf\":{\"@id\":\"https:\\\/\\\/www.institutfrancais-jerusalem.org\\\/gaza\\\/#website\"},\"primaryImageOfPage\":{\"@id\":\"https:\\\/\\\/www.institutfrancais-jerusalem.org\\\/gaza\\\/nos-mediatheques\\\/#primaryimage\"},\"image\":{\"@id\":\"https:\\\/\\\/www.institutfrancais-jerusalem.org\\\/gaza\\\/nos-mediatheques\\\/#primaryimage\"},\"thumbnailUrl\":\"https:\\\/\\\/www.institutfrancais-jerusalem.org\\\/gaza\\\/wp-content\\\/uploads\\\/sites\\\/9\\\/2018\\\/02\\\/mediatheque-2-1024x576.jpg\",\"datePublished\":\"2017-08-07T19:27:00+00:00\",\"dateModified\":\"2018-02-15T08:18:33+00:00\",\"breadcrumb\":{\"@id\":\"https:\\\/\\\/www.institutfrancais-jerusalem.org\\\/gaza\\\/nos-mediatheques\\\/#breadcrumb\"},\"inLanguage\":\"fr-FR\",\"potentialAction\":[{\"@type\":\"ReadAction\",\"target\":[\"https:\\\/\\\/www.institutfrancais-jerusalem.org\\\/gaza\\\/nos-mediatheques\\\/\"]}]},{\"@type\":\"ImageObject\",\"inLanguage\":\"fr-FR\",\"@id\":\"https:\\\/\\\/www.institutfrancais-jerusalem.org\\\/gaza\\\/nos-mediatheques\\\/#primaryimage\",\"url\":\"https:\\\/\\\/www.institutfrancais-jerusalem.org\\\/gaza\\\/wp-content\\\/uploads\\\/sites\\\/9\\\/2018\\\/02\\\/mediatheque-2-1024x576.jpg\",\"contentUrl\":\"https:\\\/\\\/www.institutfrancais-jerusalem.org\\\/gaza\\\/wp-content\\\/uploads\\\/sites\\\/9\\\/2018\\\/02\\\/mediatheque-2-1024x576.jpg\"},{\"@type\":\"BreadcrumbList\",\"@id\":\"https:\\\/\\\/www.institutfrancais-jerusalem.org\\\/gaza\\\/nos-mediatheques\\\/#breadcrumb\",\"itemListElement\":[{\"@type\":\"ListItem\",\"position\":1,\"name\":\"Accueil\",\"item\":\"https:\\\/\\\/www.institutfrancais-jerusalem.org\\\/gaza\\\/\"},{\"@type\":\"ListItem\",\"position\":2,\"name\":\"NOTRE M\u00c9DIATH\u00c8QUE\"}]},{\"@type\":\"WebSite\",\"@id\":\"https:\\\/\\\/www.institutfrancais-jerusalem.org\\\/gaza\\\/#website\",\"url\":\"https:\\\/\\\/www.institutfrancais-jerusalem.org\\\/gaza\\\/\",\"name\":\"Institut Fran\u00e7ais de J\u00e9rusalem - Gaza\",\"description\":\"\",\"potentialAction\":[{\"@type\":\"SearchAction\",\"target\":{\"@type\":\"EntryPoint\",\"urlTemplate\":\"https:\\\/\\\/www.institutfrancais-jerusalem.org\\\/gaza\\\/?s={search_term_string}\"},\"query-input\":{\"@type\":\"PropertyValueSpecification\",\"valueRequired\":true,\"valueName\":\"search_term_string\"}}],\"inLanguage\":\"fr-FR\"}]}<\/script>\n<!-- \/ Yoast SEO plugin. -->","yoast_head_json":{"title":"NOTRE M\u00c9DIATH\u00c8QUE - Institut Fran\u00e7ais de J\u00e9rusalem - Gaza","robots":{"index":"index","follow":"follow","max-snippet":"max-snippet:-1","max-image-preview":"max-image-preview:large","max-video-preview":"max-video-preview:-1"},"canonical":"https:\/\/www.institutfrancais-jerusalem.org\/gaza\/nos-mediatheques\/","og_locale":"fr_FR","og_type":"article","og_title":"NOTRE M\u00c9DIATH\u00c8QUE - Institut Fran\u00e7ais de J\u00e9rusalem - Gaza","og_description":"La m\u00e9diath\u00e8que de l\u2019Institut fran\u00e7ais\u00a0de Gaza est\u00a0un lieu convivial et attractif qui suscite l\u2019int\u00e9r\u00eat de tous les visiteurs de l\u2019\u00e9tablissement. L\u2019architecture\u00a0du lieu a parfaitement r\u00e9pondu \u00e0 la volont\u00e9 initiale de cr\u00e9er plusieurs espaces visant chacun un public sp\u00e9cifique\u00a0: &#8211; Salle de silence et d\u2019informatique\u00a0: une salle vitr\u00e9e dot\u00e9e de 11 ordinateurs avec des tables assez &hellip;","og_url":"https:\/\/www.institutfrancais-jerusalem.org\/gaza\/nos-mediatheques\/","og_site_name":"Institut Fran\u00e7ais de J\u00e9rusalem - Gaza","article_modified_time":"2018-02-15T08:18:33+00:00","og_image":[{"url":"https:\/\/www.institutfrancais-jerusalem.org\/gaza\/wp-content\/uploads\/sites\/9\/2018\/02\/mediatheque-2-1024x576.jpg","type":"","width":"","height":""}],"twitter_card":"summary_large_image","twitter_misc":{"Dur\u00e9e de lecture estim\u00e9e":"2 minutes"},"schema":{"@context":"https:\/\/schema.org","@graph":[{"@type":"WebPage","@id":"https:\/\/www.institutfrancais-jerusalem.org\/gaza\/nos-mediatheques\/","url":"https:\/\/www.institutfrancais-jerusalem.org\/gaza\/nos-mediatheques\/","name":"NOTRE M\u00c9DIATH\u00c8QUE - Institut Fran\u00e7ais de J\u00e9rusalem - Gaza","isPartOf":{"@id":"https:\/\/www.institutfrancais-jerusalem.org\/gaza\/#website"},"primaryImageOfPage":{"@id":"https:\/\/www.institutfrancais-jerusalem.org\/gaza\/nos-mediatheques\/#primaryimage"},"image":{"@id":"https:\/\/www.institutfrancais-jerusalem.org\/gaza\/nos-mediatheques\/#primaryimage"},"thumbnailUrl":"https:\/\/www.institutfrancais-jerusalem.org\/gaza\/wp-content\/uploads\/sites\/9\/2018\/02\/mediatheque-2-1024x576.jpg","datePublished":"2017-08-07T19:27:00+00:00","dateModified":"2018-02-15T08:18:33+00:00","breadcrumb":{"@id":"https:\/\/www.institutfrancais-jerusalem.org\/gaza\/nos-mediatheques\/#breadcrumb"},"inLanguage":"fr-FR","potentialAction":[{"@type":"ReadAction","target":["https:\/\/www.institutfrancais-jerusalem.org\/gaza\/nos-mediatheques\/"]}]},{"@type":"ImageObject","inLanguage":"fr-FR","@id":"https:\/\/www.institutfrancais-jerusalem.org\/gaza\/nos-mediatheques\/#primaryimage","url":"https:\/\/www.institutfrancais-jerusalem.org\/gaza\/wp-content\/uploads\/sites\/9\/2018\/02\/mediatheque-2-1024x576.jpg","contentUrl":"https:\/\/www.institutfrancais-jerusalem.org\/gaza\/wp-content\/uploads\/sites\/9\/2018\/02\/mediatheque-2-1024x576.jpg"},{"@type":"BreadcrumbList","@id":"https:\/\/www.institutfrancais-jerusalem.org\/gaza\/nos-mediatheques\/#breadcrumb","itemListElement":[{"@type":"ListItem","position":1,"name":"Accueil","item":"https:\/\/www.institutfrancais-jerusalem.org\/gaza\/"},{"@type":"ListItem","position":2,"name":"NOTRE M\u00c9DIATH\u00c8QUE"}]},{"@type":"WebSite","@id":"https:\/\/www.institutfrancais-jerusalem.org\/gaza\/#website","url":"https:\/\/www.institutfrancais-jerusalem.org\/gaza\/","name":"Institut Fran\u00e7ais de J\u00e9rusalem - Gaza","description":"","potentialAction":[{"@type":"SearchAction","target":{"@type":"EntryPoint","urlTemplate":"https:\/\/www.institutfrancais-jerusalem.org\/gaza\/?s={search_term_string}"},"query-input":{"@type":"PropertyValueSpecification","valueRequired":true,"valueName":"search_term_string"}}],"inLanguage":"fr-FR"}]}},"_links":{"self":[{"href":"https:\/\/www.institutfrancais-jerusalem.org\/gaza\/wp-json\/wp\/v2\/pages\/1331","targetHints":{"allow":["GET"]}}],"collection":[{"href":"https:\/\/www.institutfrancais-jerusalem.org\/gaza\/wp-json\/wp\/v2\/pages"}],"about":[{"href":"https:\/\/www.institutfrancais-jerusalem.org\/gaza\/wp-json\/wp\/v2\/types\/page"}],"author":[{"embeddable":true,"href":"https:\/\/www.institutfrancais-jerusalem.org\/gaza\/wp-json\/wp\/v2\/users\/1"}],"replies":[{"embeddable":true,"href":"https:\/\/www.institutfrancais-jerusalem.org\/gaza\/wp-json\/wp\/v2\/comments?post=1331"}],"version-history":[{"count":8,"href":"https:\/\/www.institutfrancais-jerusalem.org\/gaza\/wp-json\/wp\/v2\/pages\/1331\/revisions"}],"predecessor-version":[{"id":2565,"href":"https:\/\/www.institutfrancais-jerusalem.org\/gaza\/wp-json\/wp\/v2\/pages\/1331\/revisions\/2565"}],"wp:attachment":[{"href":"https:\/\/www.institutfrancais-jerusalem.org\/gaza\/wp-json\/wp\/v2\/media?parent=1331"}],"curies":[{"name":"wp","href":"https:\/\/api.w.org\/{rel}","templated":true}]}}