{"id":1326,"date":"2017-08-07T21:24:22","date_gmt":"2017-08-07T19:24:22","guid":{"rendered":"http:\/\/ifjerusalem-romaingary.org\/?page_id=1326"},"modified":"2022-03-28T15:04:30","modified_gmt":"2022-03-28T13:04:30","slug":"cours-de-francais","status":"publish","type":"page","link":"https:\/\/www.institutfrancais-jerusalem.org\/gaza\/cours-de-francais\/","title":{"rendered":"COURS DE FRANCAIS"},"content":{"rendered":"<p class=\"p1\"><span class=\"s1\">L\u2019Institut Fran\u00e7ais de Gaza offre tout au long de l\u2019ann\u00e9e des cours de fran\u00e7ais adapt\u00e9s \u00e0 vos besoins ! <\/span><\/p>\n<p class=\"p1\"><span class=\"s1\">Nous vous proposons des cours de fran\u00e7ais g\u00e9n\u00e9ral, de fran\u00e7ais professionnel, de conversation et de pr\u00e9paration aux examens. Des cours en ligne sont \u00e9galement disponibles. Tous nos cours s\u2019adressent aussi bien \u00e0 des publics enfants qu\u2019adultes. Vous avez la possibilit\u00e9 de prendre des cours de fran\u00e7ais extensifs ou intensifs selon les sessions propos\u00e9es. Parmi notre offre de cours, vous trouverez des cours pour tous les niveaux du Cadre Europ\u00e9en Commun de R\u00e9f\u00e9rence pour les Langues (CECRL) : A1, A2, B1, B2, C1 et C2 en collectifs ou individuels, en pr\u00e9sentiel ou en ligne. Des activit\u00e9s sont propos\u00e9es tout au long de l\u2019ann\u00e9e, comme des camps d\u2019\u00e9t\u00e9s pour enfants et adolescents. Pour plus d\u2019informations, n\u2019h\u00e9sitez pas \u00e0 vous renseigner au bureau des langues.<\/span><\/p>\n<p class=\"p1\"><span class=\"s1\">L\u2019IFR est aussi un centre de passation des examens du DELF et du DALF, pour lesquels des cours de pr\u00e9paration sont propos\u00e9s avant chaque session. Vous pouvez vous y inscrire directement au sein de notre institut.<\/span><\/p>\n<p class=\"p1\"><span class=\"s1\">Nos enseignants sont tous des professionnels form\u00e9s \u00e0 l\u2019enseignement du fran\u00e7ais langue \u00e9trang\u00e8re et ont une exp\u00e9rience qui garantit des cours agr\u00e9ables et de qualit\u00e9.<\/span><\/p>\n<p>&#8212;<\/p>\n<p class=\"p1\"><span class=\"s1\">Les cours des antennes de l\u2019Institut fran\u00e7ais de J\u00e9rusalem vous permettront d\u2019apprendre et de perfectionner votre fran\u00e7ais dans votre quotidien, dans le cadre de vos \u00e9tudes ou de votre travail. La p\u00e9dagogie actionnelle, proposant \u00e0 l\u2019apprenant d\u2019\u00eatre acteur de son apprentissage pr\u00e9conise des cours motivants, interactifs et ludiques. Les cours correspondent aux six niveaux du Cadre europ\u00e9en commun de r\u00e9f\u00e9rence pour les langues du A1 au C2.<\/span><\/p>\n<p class=\"p1\"><span class=\"s1\">Les enseignants qui composent notre \u00e9quipe p\u00e9dagogique sont tous titulaires de dipl\u00f4mes de fran\u00e7ais langue \u00e9trang\u00e8re (FLE) et la plupart ont suivi une partie de leurs \u00e9tudes ou de leur formation professionnelle en France.<\/span><\/p>\n<p class=\"p1\"><span class=\"s1\">La m\u00e9thode employ\u00e9e est la collection de manuels <b>Totem<\/b>, enrichie de nombreux exercices interactifs faisant appel aux fonctions du dispositif TBI, pour les niveaux A1, A2 et B1, et la m\u00e9thode <b>\u00c9dito<\/b> \u00e0 partir du niveau B2.\u00a0<a href=\"https:\/\/www.institutfrancais-jerusalem.org\/category\/gaza\/francais\/examens\/\">Ces m\u00e9thodes pr\u00e9parent aux examens du DELF et du DALF, organis\u00e9s chaque ann\u00e9e au printemps.<\/a><\/span><\/p>\n<p class=\"p3\"><span class=\"s1\"><b>Avant de vous lancer voil\u00e0 10 bonnes raisons d\u2019apprendre le fran\u00e7ais\u00a0!<\/b><\/span><\/p>\n<p><b><\/b><span class=\"s1\"><strong>1. Le fran\u00e7ais dans le monde<\/strong> <\/span><\/p>\n<p><img loading=\"lazy\" decoding=\"async\" class=\"alignleft wp-image-2449 size-medium\" src=\"https:\/\/www.institutfrancais-jerusalem.org\/wp-content\/uploads\/2017\/08\/slava-bowman-Monde-Entier-300x205.jpg\" alt=\"\" width=\"300\" height=\"205\" \/><\/p>\n<p class=\"p1\"><span class=\"s1\">Avec 300 millions de locuteurs, le fran\u00e7ais est \u00e0 ce jour la 5<\/span><span class=\"s2\"><sup>\u00e8me<\/sup><\/span><span class=\"s1\"> langue la plus parl\u00e9e dans le monde apr\u00e8s le chinois, l\u2019anglais, l\u2019espagnol et l\u2019arabe. En outre, il est, avec l\u2019anglais, la seule langue parl\u00e9e sur les 5 continents. La Francophonie regroupe, quant \u00e0 elle, 68 \u00e9tats et gouvernements et le fran\u00e7ais est la langue officielle dans 32 \u00e9tats. <\/span><\/p>\n<p class=\"p1\"><span class=\"s1\">La France dispose \u00e9galement du plus grand r\u00e9seau d\u2019\u00e9tablissements culturels \u00e0 l\u2019\u00e9tranger qui ont pour r\u00f4le de<b> <\/b>promouvoir la culture et la langue fran\u00e7aise aupr\u00e8s de 750\u00a0000 personnes.<b> <\/b>L<b>\u2019<\/b>Institut fran\u00e7ais de J\u00e9rusalem, qui compte parmi les r\u00e9seaux les plus denses de la r\u00e9gion, comprend quatre antennes \u00e0 J\u00e9rusalem, Ramallah et Gaza. Enfin, bien qu\u2019autonomes, l\u2019<strong><a href=\"http:\/\/af-bethleem.org\/site\/af\/\">Alliance fran\u00e7aise de Bethl\u00e9em<\/a><\/strong>, l\u2019<strong><a href=\"http:\/\/hebron-france.org\/\">Association d\u2019\u00e9changes culturels H\u00e9bron-France<\/a><\/strong>\u00a0et l\u2019<strong><a href=\"https:\/\/www.facebook.com\/Multipurpose-Community-Resource-Center-MCRC-52591060657\/\">Association Multipurpose Community Ressources Center<\/a>\u00a0<\/strong>de Naplouse sont partenaires privil\u00e9gi\u00e9s.<\/span><\/p>\n<p><b><\/b><span class=\"s1\"><b>2. Une langue de l\u2019\u00e9cole<\/b><\/span><\/p>\n<p><img loading=\"lazy\" decoding=\"async\" class=\"alignleft wp-image-2463 size-medium\" src=\"https:\/\/www.institutfrancais-jerusalem.org\/wp-content\/uploads\/2017\/08\/smiling-primary-students-easy-learning-300x200.jpg\" alt=\"\" width=\"300\" height=\"200\" \/><\/p>\n<p class=\"p1\"><span class=\"s1\">Le fran\u00e7ais est langue d\u2019enseignement de plus de 80 millions d\u2019individus sur 36 pays et territoires. C\u2019est \u00e9galement la langue \u00e9trang\u00e8re la plus largement apprise \u00e0 l\u2019\u00e9cole apr\u00e8s l\u2019anglais. En 1996, l&rsquo;Autorit\u00e9 palestinienne a d\u00e9cid\u00e9 de choisir le fran\u00e7ais comme deuxi\u00e8me langue \u00e9trang\u00e8re. Aujourd\u2019hui, le fran\u00e7ais est enseign\u00e9 dans 80 \u00e9coles publiques de la 7<\/span><span class=\"s2\"><sup>\u00e8me<\/sup><\/span><span class=\"s1\"> \u00e0 la 9<\/span><span class=\"s2\"><sup>\u00e8me<\/sup><\/span><span class=\"s1\"> ann\u00e9e et dans 30 \u00e9coles priv\u00e9es de la 1<\/span><span class=\"s2\"><sup>\u00e8re<\/sup><\/span><span class=\"s1\"> \u00e0 la 10<\/span><span class=\"s2\"><sup>\u00e8me<\/sup><\/span><span class=\"s1\">. C\u2019est donc pr\u00e8s de 15\u00a0000 \u00e9l\u00e8ves qui apprennent le fran\u00e7ais \u00e0 l\u2019\u00e9cole \u00e0 J\u00e9rusalem et dans les Territoires palestiniens.<\/span><\/p>\n<h4 class=\"p4\"><span class=\"s1\"><b>3. <\/b><\/span><b><\/b><span class=\"s1\"><b>Une langue pour apprendre d\u2019autres langues<\/b><\/span><\/h4>\n<p><img loading=\"lazy\" decoding=\"async\" class=\"alignleft wp-image-2467 size-medium\" src=\"https:\/\/www.institutfrancais-jerusalem.org\/wp-content\/uploads\/2017\/08\/patrick-tomasso-learn-langue-300x200.jpg\" alt=\"\" width=\"300\" height=\"200\" \/><\/p>\n<p class=\"p1\"><span class=\"s1\">Apprendre le fran\u00e7ais aide \u00e0 apprendre d\u2019autres langues, notamment les langues latines (l\u2019espagnol, l\u2019italien, le portugais ou le roumain) mais aussi l\u2019anglais puisque le fran\u00e7ais a fourni plus de 50% du vocabulaire anglais actuel. A l\u2019inverse, plus de 400 mots de la langue fran\u00e7aise viennent de l&rsquo;arabe ce qui en fait la 3<\/span><span class=\"s2\"><sup>\u00e8me<\/sup><\/span><span class=\"s1\"><span class=\"Apple-converted-space\">\u00a0 <\/span>source d&#8217;emprunts de notre langue apr\u00e8s l&rsquo;anglais et l&rsquo;italien. Le fran\u00e7ais est une langue plus facile \u00e0 apprendre qu\u2019on ne pense pour les apprenants arabophones.<\/span><\/p>\n<h4 class=\"p4\"><span class=\"s1\"><b>4. <\/b><\/span><b><\/b><span class=\"s1\"><b>Une langue de l\u2019universit\u00e9<\/b><\/span><\/h4>\n<p><img loading=\"lazy\" decoding=\"async\" class=\"alignleft wp-image-2457 size-medium\" src=\"https:\/\/www.institutfrancais-jerusalem.org\/wp-content\/uploads\/2017\/08\/toits_de_la_chapelle_de_la_sorbonne-300x181.jpg\" alt=\"\" width=\"300\" height=\"181\" \/><\/p>\n<p class=\"p1\"><span class=\"s1\">Sept universit\u00e9s de J\u00e9rusalem-Est et des Territoires palestiniens proposent des formations en fran\u00e7ais\u00a0: l\u2019universit\u00e9 de Bethl\u00e9em, l\u2019universit\u00e9 de Bir Zeit, l\u2019universit\u00e9 Al Azhar et l\u2019universit\u00e9 Al Aqsa \u00e0 Gaza, l\u2019universit\u00e9 d\u2019H\u00e9bron, l\u2019universit\u00e9 Al Quds \u00e0 J\u00e9rusalem, l\u2019universit\u00e9 Al Najah \u00e0 Naplouse. Les \u00e9tudiants ma\u00eetrisant le fran\u00e7ais peuvent b\u00e9n\u00e9ficier de bourses du gouvernement fran\u00e7ais pour suivre un troisi\u00e8me cycle d\u2019\u00e9tudes en France dans toutes les disciplines et obtenir un dipl\u00f4me internationalement reconnu. Parler fran\u00e7ais peut donc permettre de poursuivre ses \u00e9tudes en France dans des \u00e9tablissements sup\u00e9rieurs class\u00e9s parmi les meilleurs d\u2019Europe et dans le monde. La France est le 3<\/span><span class=\"s2\"><sup>\u00e8me<\/sup><\/span><span class=\"s1\"> pays au monde pour l\u2019accueil des \u00e9tudiants \u00e9trangers.<\/span><\/p>\n<h4 class=\"p4\"><span class=\"s1\"><b>5. <\/b><\/span><b><\/b><span class=\"s1\"><b>Une langue des sciences et de la philosophie<\/b><\/span><\/h4>\n<p class=\"p1\"><span class=\"s1\"><img loading=\"lazy\" decoding=\"async\" class=\"alignleft wp-image-2453 size-medium\" src=\"https:\/\/www.institutfrancais-jerusalem.org\/wp-content\/uploads\/2017\/08\/chris-karidis-langue-culture-300x169.jpg\" alt=\"\" width=\"300\" height=\"169\" \/>Le fran\u00e7ais est une langue analytique qui structure la pens\u00e9e et d\u00e9veloppe l\u2019esprit critique. C\u2019est \u00e0 la fois la langue de grands philosophes, du Si\u00e8cle des Lumi\u00e8res \u00e0 aujourd\u2019hui,<b> <\/b>mais \u00e9galement celle de scientifiques de renom comme Pierre et Marie Curie, Louis Pasteur ou encore Georges Charpak. Depuis 1901, La France a remport\u00e9 12 m\u00e9dailles Fields et 62\u00a0Prix Nobel ce qui la place respectivement \u00e0 la 2<\/span><span class=\"s2\"><sup>\u00e8me<\/sup><\/span><span class=\"s1\"> et \u00e0 la 4<\/span><span class=\"s2\"><sup>\u00e8me<\/sup><\/span><span class=\"s1\"> position des nations les plus prim\u00e9es.<\/span><\/p>\n<h4 class=\"p4\"><span class=\"s1\"><b>6. <\/b><\/span><b><\/b><span class=\"s1\"><b>Une langue des arts <\/b><\/span><\/h4>\n<p><img loading=\"lazy\" decoding=\"async\" class=\"alignleft wp-image-2398 size-medium\" src=\"https:\/\/www.institutfrancais-jerusalem.org\/wp-content\/uploads\/2017\/08\/andrew-branch-180244-300x200.jpg\" alt=\"\" width=\"300\" height=\"200\" srcset=\"https:\/\/www.institutfrancais-jerusalem.org\/gaza\/wp-content\/uploads\/sites\/9\/2017\/08\/andrew-branch-180244-300x200.jpg 300w, https:\/\/www.institutfrancais-jerusalem.org\/gaza\/wp-content\/uploads\/sites\/9\/2017\/08\/andrew-branch-180244-768x512.jpg 768w, https:\/\/www.institutfrancais-jerusalem.org\/gaza\/wp-content\/uploads\/sites\/9\/2017\/08\/andrew-branch-180244-1024x683.jpg 1024w\" sizes=\"auto, (max-width: 300px) 100vw, 300px\" \/><\/p>\n<p class=\"p1\"><span class=\"s1\">Le fran\u00e7ais est une langue internationale de r\u00e9f\u00e9rence dans tous les domaines artistiques \u2013 arts litt\u00e9raires, arts visuels, arts du spectacle mais aussi arts culinaires. Conna\u00eetre le fran\u00e7ais, c\u2019est avoir acc\u00e8s aux grands textes de la litt\u00e9rature fran\u00e7aise et francophone. Le fran\u00e7ais est la langue de Moli\u00e8re et de Victor Hugo mais aussi d\u2019Isma\u00ebl Kadare et d\u2019Amin Maalouf. Pour Elias Sanbar, le fran\u00e7ais est aussi la<b> <\/b>langue d\u2019expression en exil, celle des Palestiniens au Liban.<\/span><\/p>\n<h4 class=\"p4\"><span class=\"s1\"><b>7. <\/b><\/span><b><\/b><span class=\"s1\"><b>Une langue des affaires<\/b><\/span><\/h4>\n<p><img loading=\"lazy\" decoding=\"async\" class=\"alignleft wp-image-2451 size-medium\" src=\"https:\/\/www.institutfrancais-jerusalem.org\/wp-content\/uploads\/2017\/08\/brooke-lark-trouver-emploi-300x200.jpg\" alt=\"\" width=\"300\" height=\"200\" \/><\/p>\n<p class=\"p1\"><span class=\"s1\">La France, 6<\/span><span class=\"s2\"><sup>\u00e8me<\/sup><\/span><span class=\"s1\"> puissance \u00e9conomique mondiale, est un partenaire \u00e9conomique de premier plan. Apr\u00e8s le chinois et l\u2019anglais, le fran\u00e7ais est la 3<\/span><span class=\"s2\"><sup>\u00e8me<\/sup><\/span><span class=\"s1\"> langue la plus utilis\u00e9e dans les affaires. Parler fran\u00e7ais est donc un atout pour multiplier ses chances sur le march\u00e9 international de l\u2019emploi. La connaissance du fran\u00e7ais ouvre, entre autres, les portes des entreprises fran\u00e7aises en France comme \u00e0 l\u2019\u00e9tranger dans tous les pays francophones. <\/span><\/p>\n<h4 class=\"p4\"><span class=\"s1\"><b>8. <\/b><\/span><b><\/b><span class=\"s1\"><b>Une langue du tourisme<\/b><\/span><\/h4>\n<p><img loading=\"lazy\" decoding=\"async\" class=\"alignleft wp-image-2461 size-medium\" src=\"https:\/\/www.institutfrancais-jerusalem.org\/wp-content\/uploads\/2017\/08\/matt-lamers-de\u0301couvrir-le-monde-300x200.jpg\" alt=\"\" width=\"300\" height=\"200\" \/><\/p>\n<p class=\"p1\"><span class=\"s1\">La France demeure la 1<\/span><span class=\"s2\"><sup>\u00e8re<\/sup><\/span><span class=\"s1\"> destination touristique avec plus de 90 millions de visiteurs en 2018. Avec des notions de fran\u00e7ais, il est tellement plus agr\u00e9able de visiter Paris et toutes les r\u00e9gions de France. Il est tout aussi utile lorsque l\u2019on visite des pays francophones sur le continent africain ou encore nord-am\u00e9ricain.<\/span><\/p>\n<p class=\"p1\"><span class=\"s1\">Par ailleurs, 4.8 millions de touristes &#8211; toutes nationalit\u00e9s confondues &#8211; se sont rendus \u00e0 J\u00e9rusalem en 2018 et 2.8 millions d\u2019entre eux ont de surcro\u00eet pass\u00e9 une journ\u00e9e \u00e0 Bethl\u00e9em ou dans d\u2019autres sites comme J\u00e9richo ou H\u00e9bron. Attir\u00e9s par le patrimoine historique et religieux, les Fran\u00e7ais se hissent \u00e0 la deuxi\u00e8me place des touristes les plus nombreux dans cette r\u00e9gion. Pour mieux accueillir cette client\u00e8le touristique importante, parler fran\u00e7ais est donc un atout. Plusieurs fili\u00e8res professionnelles francophones dans les domaines du tourisme, de l\u2019h\u00f4tellerie et de la restauration existent d\u00e9j\u00e0 \u00e0 J\u00e9rusalem et Bethl\u00e9em.<\/span><\/p>\n<h4 class=\"p4\"><span class=\"s1\"><b>9. <\/b><\/span><b><\/b><span class=\"s1\"><b>Une langue des relations internationales<\/b><\/span><\/h4>\n<p><img loading=\"lazy\" decoding=\"async\" class=\"alignleft wp-image-2459 size-medium\" src=\"https:\/\/www.institutfrancais-jerusalem.org\/wp-content\/uploads\/2017\/08\/Relations-internationales-300x200.jpg\" alt=\"\" width=\"300\" height=\"200\" \/><\/p>\n<p class=\"p1\"><span class=\"s1\">Le fran\u00e7ais est \u00e0 la fois langue de travail et langue officielle \u00e0 l\u2019ONU, dans l\u2019Union europ\u00e9enne, \u00e0 l\u2019UNESCO, \u00e0 l\u2019OTAN, au Comit\u00e9 International Olympique, \u00e0 la Croix Rouge Internationale et dans plusieurs instances juridiques internationales. Le fran\u00e7ais est la langue des trois villes si\u00e8ges des institutions europ\u00e9ennes : Strasbourg, Bruxelles et Luxembourg. La ma\u00eetrise du fran\u00e7ais est indispensable pour toute personne qui envisage une carri\u00e8re dans les organisations internationales.<\/span><\/p>\n<h4 class=\"p4\"><span class=\"s1\"><b>10. <\/b><\/span><span class=\"s1\"><b>Une langue des m\u00e9dias et d\u2019internet<\/b><\/span><\/h4>\n<p><img loading=\"lazy\" decoding=\"async\" class=\"alignleft wp-image-2528 size-medium\" src=\"https:\/\/www.institutfrancais-jerusalem.org\/wp-content\/uploads\/2017\/08\/REVUE-DE-PRESSE-INSTITUT-FRANC\u0327AIS-JERUSALEM-300x124.jpg\" alt=\"\" width=\"300\" height=\"124\" \/><\/p>\n<p class=\"p1\"><span class=\"s1\">Apr\u00e8s le chinois, l\u2019anglais et l\u2019espagnol, le fran\u00e7ais est la 4<\/span><span class=\"s2\"><sup>\u00e8me<\/sup><\/span><span class=\"s1\"> langue la plus pr\u00e9sente sur Internet. Comprendre le fran\u00e7ais permet de poser un autre regard sur le monde en communiquant avec les internautes francophones sur tous les continents. Le fran\u00e7ais rayonne aussi dans les m\u00e9dias internationaux, en t\u00eate desquels TV5MONDE et le groupe France M\u00e9dias Monde.<\/span><\/p>\n","protected":false},"excerpt":{"rendered":"<p>L\u2019Institut Fran\u00e7ais de Gaza offre tout au long de l\u2019ann\u00e9e des cours de fran\u00e7ais adapt\u00e9s \u00e0 vos besoins ! Nous vous proposons des cours de fran\u00e7ais g\u00e9n\u00e9ral, de fran\u00e7ais professionnel, de conversation et de pr\u00e9paration aux examens. Des cours en ligne sont \u00e9galement disponibles. Tous nos cours s\u2019adressent aussi bien \u00e0 des publics enfants qu\u2019adultes. &hellip;<\/p>\n","protected":false},"author":1,"featured_media":3891,"parent":0,"menu_order":0,"comment_status":"closed","ping_status":"closed","template":"","meta":{"footnotes":""},"class_list":["post-1326","page","type-page","status-publish","has-post-thumbnail",""],"yoast_head":"<!-- This site is optimized with the Yoast SEO plugin v27.5 - https:\/\/yoast.com\/product\/yoast-seo-wordpress\/ -->\n<title>COURS DE FRANCAIS - Institut Fran\u00e7ais de J\u00e9rusalem - Gaza<\/title>\n<meta name=\"robots\" content=\"index, follow, max-snippet:-1, max-image-preview:large, max-video-preview:-1\" \/>\n<link rel=\"canonical\" href=\"https:\/\/www.institutfrancais-jerusalem.org\/gaza\/cours-de-francais\/\" \/>\n<meta property=\"og:locale\" content=\"fr_FR\" \/>\n<meta property=\"og:type\" content=\"article\" \/>\n<meta property=\"og:title\" content=\"COURS DE FRANCAIS - Institut Fran\u00e7ais de J\u00e9rusalem - Gaza\" \/>\n<meta property=\"og:description\" content=\"L\u2019Institut Fran\u00e7ais de Gaza offre tout au long de l\u2019ann\u00e9e des cours de fran\u00e7ais adapt\u00e9s \u00e0 vos besoins ! Nous vous proposons des cours de fran\u00e7ais g\u00e9n\u00e9ral, de fran\u00e7ais professionnel, de conversation et de pr\u00e9paration aux examens. Des cours en ligne sont \u00e9galement disponibles. Tous nos cours s\u2019adressent aussi bien \u00e0 des publics enfants qu\u2019adultes. &hellip;\" \/>\n<meta property=\"og:url\" content=\"https:\/\/www.institutfrancais-jerusalem.org\/gaza\/cours-de-francais\/\" \/>\n<meta property=\"og:site_name\" content=\"Institut Fran\u00e7ais de J\u00e9rusalem - Gaza\" \/>\n<meta property=\"article:modified_time\" content=\"2022-03-28T13:04:30+00:00\" \/>\n<meta property=\"og:image\" content=\"https:\/\/www.institutfrancais-jerusalem.org\/gaza\/wp-content\/uploads\/sites\/9\/2020\/09\/SM_Cover_FR.png\" \/>\n\t<meta property=\"og:image:width\" content=\"851\" \/>\n\t<meta property=\"og:image:height\" content=\"315\" \/>\n\t<meta property=\"og:image:type\" content=\"image\/png\" \/>\n<meta name=\"twitter:card\" content=\"summary_large_image\" \/>\n<meta name=\"twitter:label1\" content=\"Dur\u00e9e de lecture estim\u00e9e\" \/>\n\t<meta name=\"twitter:data1\" content=\"9 minutes\" \/>\n<script type=\"application\/ld+json\" class=\"yoast-schema-graph\">{\"@context\":\"https:\\\/\\\/schema.org\",\"@graph\":[{\"@type\":\"WebPage\",\"@id\":\"https:\\\/\\\/www.institutfrancais-jerusalem.org\\\/gaza\\\/cours-de-francais\\\/\",\"url\":\"https:\\\/\\\/www.institutfrancais-jerusalem.org\\\/gaza\\\/cours-de-francais\\\/\",\"name\":\"COURS DE FRANCAIS - Institut Fran\u00e7ais de J\u00e9rusalem - Gaza\",\"isPartOf\":{\"@id\":\"https:\\\/\\\/www.institutfrancais-jerusalem.org\\\/gaza\\\/#website\"},\"primaryImageOfPage\":{\"@id\":\"https:\\\/\\\/www.institutfrancais-jerusalem.org\\\/gaza\\\/cours-de-francais\\\/#primaryimage\"},\"image\":{\"@id\":\"https:\\\/\\\/www.institutfrancais-jerusalem.org\\\/gaza\\\/cours-de-francais\\\/#primaryimage\"},\"thumbnailUrl\":\"https:\\\/\\\/www.institutfrancais-jerusalem.org\\\/gaza\\\/wp-content\\\/uploads\\\/sites\\\/9\\\/2020\\\/09\\\/SM_Cover_FR.png\",\"datePublished\":\"2017-08-07T19:24:22+00:00\",\"dateModified\":\"2022-03-28T13:04:30+00:00\",\"breadcrumb\":{\"@id\":\"https:\\\/\\\/www.institutfrancais-jerusalem.org\\\/gaza\\\/cours-de-francais\\\/#breadcrumb\"},\"inLanguage\":\"fr-FR\",\"potentialAction\":[{\"@type\":\"ReadAction\",\"target\":[\"https:\\\/\\\/www.institutfrancais-jerusalem.org\\\/gaza\\\/cours-de-francais\\\/\"]}]},{\"@type\":\"ImageObject\",\"inLanguage\":\"fr-FR\",\"@id\":\"https:\\\/\\\/www.institutfrancais-jerusalem.org\\\/gaza\\\/cours-de-francais\\\/#primaryimage\",\"url\":\"https:\\\/\\\/www.institutfrancais-jerusalem.org\\\/gaza\\\/wp-content\\\/uploads\\\/sites\\\/9\\\/2020\\\/09\\\/SM_Cover_FR.png\",\"contentUrl\":\"https:\\\/\\\/www.institutfrancais-jerusalem.org\\\/gaza\\\/wp-content\\\/uploads\\\/sites\\\/9\\\/2020\\\/09\\\/SM_Cover_FR.png\",\"width\":851,\"height\":315},{\"@type\":\"BreadcrumbList\",\"@id\":\"https:\\\/\\\/www.institutfrancais-jerusalem.org\\\/gaza\\\/cours-de-francais\\\/#breadcrumb\",\"itemListElement\":[{\"@type\":\"ListItem\",\"position\":1,\"name\":\"Accueil\",\"item\":\"https:\\\/\\\/www.institutfrancais-jerusalem.org\\\/gaza\\\/\"},{\"@type\":\"ListItem\",\"position\":2,\"name\":\"COURS DE FRANCAIS\"}]},{\"@type\":\"WebSite\",\"@id\":\"https:\\\/\\\/www.institutfrancais-jerusalem.org\\\/gaza\\\/#website\",\"url\":\"https:\\\/\\\/www.institutfrancais-jerusalem.org\\\/gaza\\\/\",\"name\":\"Institut Fran\u00e7ais de J\u00e9rusalem - Gaza\",\"description\":\"\",\"potentialAction\":[{\"@type\":\"SearchAction\",\"target\":{\"@type\":\"EntryPoint\",\"urlTemplate\":\"https:\\\/\\\/www.institutfrancais-jerusalem.org\\\/gaza\\\/?s={search_term_string}\"},\"query-input\":{\"@type\":\"PropertyValueSpecification\",\"valueRequired\":true,\"valueName\":\"search_term_string\"}}],\"inLanguage\":\"fr-FR\"}]}<\/script>\n<!-- \/ Yoast SEO plugin. -->","yoast_head_json":{"title":"COURS DE FRANCAIS - Institut Fran\u00e7ais de J\u00e9rusalem - Gaza","robots":{"index":"index","follow":"follow","max-snippet":"max-snippet:-1","max-image-preview":"max-image-preview:large","max-video-preview":"max-video-preview:-1"},"canonical":"https:\/\/www.institutfrancais-jerusalem.org\/gaza\/cours-de-francais\/","og_locale":"fr_FR","og_type":"article","og_title":"COURS DE FRANCAIS - Institut Fran\u00e7ais de J\u00e9rusalem - Gaza","og_description":"L\u2019Institut Fran\u00e7ais de Gaza offre tout au long de l\u2019ann\u00e9e des cours de fran\u00e7ais adapt\u00e9s \u00e0 vos besoins ! Nous vous proposons des cours de fran\u00e7ais g\u00e9n\u00e9ral, de fran\u00e7ais professionnel, de conversation et de pr\u00e9paration aux examens. Des cours en ligne sont \u00e9galement disponibles. Tous nos cours s\u2019adressent aussi bien \u00e0 des publics enfants qu\u2019adultes. &hellip;","og_url":"https:\/\/www.institutfrancais-jerusalem.org\/gaza\/cours-de-francais\/","og_site_name":"Institut Fran\u00e7ais de J\u00e9rusalem - Gaza","article_modified_time":"2022-03-28T13:04:30+00:00","og_image":[{"width":851,"height":315,"url":"https:\/\/www.institutfrancais-jerusalem.org\/gaza\/wp-content\/uploads\/sites\/9\/2020\/09\/SM_Cover_FR.png","type":"image\/png"}],"twitter_card":"summary_large_image","twitter_misc":{"Dur\u00e9e de lecture estim\u00e9e":"9 minutes"},"schema":{"@context":"https:\/\/schema.org","@graph":[{"@type":"WebPage","@id":"https:\/\/www.institutfrancais-jerusalem.org\/gaza\/cours-de-francais\/","url":"https:\/\/www.institutfrancais-jerusalem.org\/gaza\/cours-de-francais\/","name":"COURS DE FRANCAIS - Institut Fran\u00e7ais de J\u00e9rusalem - Gaza","isPartOf":{"@id":"https:\/\/www.institutfrancais-jerusalem.org\/gaza\/#website"},"primaryImageOfPage":{"@id":"https:\/\/www.institutfrancais-jerusalem.org\/gaza\/cours-de-francais\/#primaryimage"},"image":{"@id":"https:\/\/www.institutfrancais-jerusalem.org\/gaza\/cours-de-francais\/#primaryimage"},"thumbnailUrl":"https:\/\/www.institutfrancais-jerusalem.org\/gaza\/wp-content\/uploads\/sites\/9\/2020\/09\/SM_Cover_FR.png","datePublished":"2017-08-07T19:24:22+00:00","dateModified":"2022-03-28T13:04:30+00:00","breadcrumb":{"@id":"https:\/\/www.institutfrancais-jerusalem.org\/gaza\/cours-de-francais\/#breadcrumb"},"inLanguage":"fr-FR","potentialAction":[{"@type":"ReadAction","target":["https:\/\/www.institutfrancais-jerusalem.org\/gaza\/cours-de-francais\/"]}]},{"@type":"ImageObject","inLanguage":"fr-FR","@id":"https:\/\/www.institutfrancais-jerusalem.org\/gaza\/cours-de-francais\/#primaryimage","url":"https:\/\/www.institutfrancais-jerusalem.org\/gaza\/wp-content\/uploads\/sites\/9\/2020\/09\/SM_Cover_FR.png","contentUrl":"https:\/\/www.institutfrancais-jerusalem.org\/gaza\/wp-content\/uploads\/sites\/9\/2020\/09\/SM_Cover_FR.png","width":851,"height":315},{"@type":"BreadcrumbList","@id":"https:\/\/www.institutfrancais-jerusalem.org\/gaza\/cours-de-francais\/#breadcrumb","itemListElement":[{"@type":"ListItem","position":1,"name":"Accueil","item":"https:\/\/www.institutfrancais-jerusalem.org\/gaza\/"},{"@type":"ListItem","position":2,"name":"COURS DE FRANCAIS"}]},{"@type":"WebSite","@id":"https:\/\/www.institutfrancais-jerusalem.org\/gaza\/#website","url":"https:\/\/www.institutfrancais-jerusalem.org\/gaza\/","name":"Institut Fran\u00e7ais de J\u00e9rusalem - Gaza","description":"","potentialAction":[{"@type":"SearchAction","target":{"@type":"EntryPoint","urlTemplate":"https:\/\/www.institutfrancais-jerusalem.org\/gaza\/?s={search_term_string}"},"query-input":{"@type":"PropertyValueSpecification","valueRequired":true,"valueName":"search_term_string"}}],"inLanguage":"fr-FR"}]}},"_links":{"self":[{"href":"https:\/\/www.institutfrancais-jerusalem.org\/gaza\/wp-json\/wp\/v2\/pages\/1326","targetHints":{"allow":["GET"]}}],"collection":[{"href":"https:\/\/www.institutfrancais-jerusalem.org\/gaza\/wp-json\/wp\/v2\/pages"}],"about":[{"href":"https:\/\/www.institutfrancais-jerusalem.org\/gaza\/wp-json\/wp\/v2\/types\/page"}],"author":[{"embeddable":true,"href":"https:\/\/www.institutfrancais-jerusalem.org\/gaza\/wp-json\/wp\/v2\/users\/1"}],"replies":[{"embeddable":true,"href":"https:\/\/www.institutfrancais-jerusalem.org\/gaza\/wp-json\/wp\/v2\/comments?post=1326"}],"version-history":[{"count":7,"href":"https:\/\/www.institutfrancais-jerusalem.org\/gaza\/wp-json\/wp\/v2\/pages\/1326\/revisions"}],"predecessor-version":[{"id":4024,"href":"https:\/\/www.institutfrancais-jerusalem.org\/gaza\/wp-json\/wp\/v2\/pages\/1326\/revisions\/4024"}],"wp:featuredmedia":[{"embeddable":true,"href":"https:\/\/www.institutfrancais-jerusalem.org\/gaza\/wp-json\/wp\/v2\/media\/3891"}],"wp:attachment":[{"href":"https:\/\/www.institutfrancais-jerusalem.org\/gaza\/wp-json\/wp\/v2\/media?parent=1326"}],"curies":[{"name":"wp","href":"https:\/\/api.w.org\/{rel}","templated":true}]}}