{"version":"1.0","provider_name":"Institut Fran\u00e7ais de J\u00e9rusalem - Gaza","provider_url":"https:\/\/www.institutfrancais-jerusalem.org\/gaza","author_name":"ifjgaza","author_url":"https:\/\/www.institutfrancais-jerusalem.org\/gaza\/author\/ifjgaza\/","title":"Session de fran\u00e7ais f\u00e9vrier 2021 - Institut Fran\u00e7ais de J\u00e9rusalem - Gaza","type":"rich","width":600,"height":338,"html":"<blockquote class=\"wp-embedded-content\" data-secret=\"4XSa5At3pT\"><a href=\"https:\/\/www.institutfrancais-jerusalem.org\/gaza\/session-de-francais-fevrier-2021\/\">Session de fran\u00e7ais f\u00e9vrier 2021<\/a><\/blockquote><iframe sandbox=\"allow-scripts\" security=\"restricted\" src=\"https:\/\/www.institutfrancais-jerusalem.org\/gaza\/session-de-francais-fevrier-2021\/embed\/#?secret=4XSa5At3pT\" width=\"600\" height=\"338\" title=\"\u00ab\u00a0Session de fran\u00e7ais f\u00e9vrier 2021\u00a0\u00bb &#8212; Institut Fran\u00e7ais de J\u00e9rusalem - Gaza\" data-secret=\"4XSa5At3pT\" frameborder=\"0\" marginwidth=\"0\" marginheight=\"0\" scrolling=\"no\" class=\"wp-embedded-content\"><\/iframe><script type=\"text\/javascript\">\n\/* <![CDATA[ *\/\n\/*! This file is auto-generated *\/\n!function(d,l){\"use strict\";l.querySelector&&d.addEventListener&&\"undefined\"!=typeof URL&&(d.wp=d.wp||{},d.wp.receiveEmbedMessage||(d.wp.receiveEmbedMessage=function(e){var t=e.data;if((t||t.secret||t.message||t.value)&&!\/[^a-zA-Z0-9]\/.test(t.secret)){for(var s,r,n,a=l.querySelectorAll('iframe[data-secret=\"'+t.secret+'\"]'),o=l.querySelectorAll('blockquote[data-secret=\"'+t.secret+'\"]'),c=new RegExp(\"^https?:$\",\"i\"),i=0;i<o.length;i++)o[i].style.display=\"none\";for(i=0;i<a.length;i++)s=a[i],e.source===s.contentWindow&&(s.removeAttribute(\"style\"),\"height\"===t.message?(1e3<(r=parseInt(t.value,10))?r=1e3:~~r<200&&(r=200),s.height=r):\"link\"===t.message&&(r=new URL(s.getAttribute(\"src\")),n=new URL(t.value),c.test(n.protocol))&&n.host===r.host&&l.activeElement===s&&(d.top.location.href=t.value))}},d.addEventListener(\"message\",d.wp.receiveEmbedMessage,!1),l.addEventListener(\"DOMContentLoaded\",function(){for(var e,t,s=l.querySelectorAll(\"iframe.wp-embedded-content\"),r=0;r<s.length;r++)(t=(e=s[r]).getAttribute(\"data-secret\"))||(t=Math.random().toString(36).substring(2,12),e.src+=\"#?secret=\"+t,e.setAttribute(\"data-secret\",t)),e.contentWindow.postMessage({message:\"ready\",secret:t},\"*\")},!1)))}(window,document);\n\/\/# sourceURL=https:\/\/www.institutfrancais-jerusalem.org\/gaza\/wp-includes\/js\/wp-embed.min.js\n\/* ]]> *\/\n<\/script>\n","description":"L\u2019Institut fran\u00e7ais de J\u00e9rusalem, antenne de Gaza, r\u00e9ouvre ses portes apr\u00e8s une longue fermeture pour recevoir les \u00e9tudiants de la langue fran\u00e7aise en pr\u00e9sentiel. Le d\u00e9but de la nouvelle session est pr\u00e9vu pour le dimanche 07 f\u00e9vrier 2021, il s\u2019agit de cours de fran\u00e7ais pour les adultes, tous niveaux,d\u2019une dur\u00e9e de 40 heures \u00e0 200 &hellip;"}